{"id":2980,"date":"2026-07-31T16:47:55","date_gmt":"2026-07-31T14:47:55","guid":{"rendered":"https:\/\/www.portesetfenetrespresident.com\/portes\/550\/"},"modified":"2026-08-27T23:02:10","modified_gmt":"2026-08-27T21:02:10","slug":"550","status":"publish","type":"portes","link":"https:\/\/www.portesetfenetrespresident.com\/en\/doors\/550\/","title":{"rendered":"550"},"content":{"rendered":"<script>function getWR360PopupSkin(){return 'light_clean';}<\/script>","protected":false},"featured_media":2969,"template":"","meta":{"_acf_changed":false},"type-de-porte":[76],"class_list":["post-2980","portes","type-portes","status-publish","has-post-thumbnail","type-de-porte-portes-patio"],"acf":[],"yoast_head":"<!-- This site is optimized with the Yoast SEO plugin v28.4 - https:\/\/yoast.com\/product\/yoast-seo-wordpress\/ -->\n<title>Porte 550 - Portes et fen\u00eatres Pr\u00e9sident<\/title>\n<meta name=\"robots\" content=\"index, follow, max-snippet:-1, max-image-preview:large, max-video-preview:-1\" \/>\n<link rel=\"canonical\" href=\"https:\/\/www.portesetfenetrespresident.com\/en\/doors\/550\/\" \/>\n<meta property=\"og:locale\" content=\"en_US\" \/>\n<meta property=\"og:type\" content=\"article\" \/>\n<meta property=\"og:title\" content=\"Porte 550 - Portes et fen\u00eatres Pr\u00e9sident\" \/>\n<meta property=\"og:url\" content=\"https:\/\/www.portesetfenetrespresident.com\/en\/doors\/550\/\" \/>\n<meta property=\"og:site_name\" content=\"Portes et fen\u00eatres Pr\u00e9sident\" \/>\n<meta property=\"article:modified_time\" content=\"2026-08-27T21:02:10+00:00\" \/>\n<meta property=\"og:image\" content=\"https:\/\/www.portesetfenetrespresident.com\/wp-content\/uploads\/2026\/07\/550-view.png\" \/>\n\t<meta property=\"og:image:width\" content=\"1552\" \/>\n\t<meta property=\"og:image:height\" content=\"1552\" \/>\n\t<meta property=\"og:image:type\" content=\"image\/png\" \/>\n<meta name=\"twitter:card\" content=\"summary_large_image\" \/>\n<meta name=\"twitter:label1\" content=\"Est. reading time\" \/>\n\t<meta name=\"twitter:data1\" content=\"1 minute\" \/>\n<script type=\"application\/ld+json\" class=\"yoast-schema-graph\">{\"@context\":\"https:\\\/\\\/schema.org\",\"@graph\":[{\"@type\":\"WebPage\",\"@id\":\"https:\\\/\\\/www.portesetfenetrespresident.com\\\/en\\\/doors\\\/550\\\/\",\"url\":\"https:\\\/\\\/www.portesetfenetrespresident.com\\\/en\\\/doors\\\/550\\\/\",\"name\":\"Porte 550 - Portes et fen\u00eatres Pr\u00e9sident\",\"isPartOf\":{\"@id\":\"https:\\\/\\\/www.portesetfenetrespresident.com\\\/en\\\/#website\"},\"primaryImageOfPage\":{\"@id\":\"https:\\\/\\\/www.portesetfenetrespresident.com\\\/en\\\/doors\\\/550\\\/#primaryimage\"},\"image\":{\"@id\":\"https:\\\/\\\/www.portesetfenetrespresident.com\\\/en\\\/doors\\\/550\\\/#primaryimage\"},\"thumbnailUrl\":\"https:\\\/\\\/www.portesetfenetrespresident.com\\\/wp-content\\\/uploads\\\/2026\\\/07\\\/550-view.png\",\"datePublished\":\"2026-07-31T14:47:55+00:00\",\"dateModified\":\"2026-08-27T21:02:10+00:00\",\"breadcrumb\":{\"@id\":\"https:\\\/\\\/www.portesetfenetrespresident.com\\\/en\\\/doors\\\/550\\\/#breadcrumb\"},\"inLanguage\":\"en-US\",\"potentialAction\":[{\"@type\":\"ReadAction\",\"target\":[\"https:\\\/\\\/www.portesetfenetrespresident.com\\\/en\\\/doors\\\/550\\\/\"]}]},{\"@type\":\"ImageObject\",\"inLanguage\":\"en-US\",\"@id\":\"https:\\\/\\\/www.portesetfenetrespresident.com\\\/en\\\/doors\\\/550\\\/#primaryimage\",\"url\":\"https:\\\/\\\/www.portesetfenetrespresident.com\\\/wp-content\\\/uploads\\\/2026\\\/07\\\/550-view.png\",\"contentUrl\":\"https:\\\/\\\/www.portesetfenetrespresident.com\\\/wp-content\\\/uploads\\\/2026\\\/07\\\/550-view.png\",\"width\":1552,\"height\":1552},{\"@type\":\"BreadcrumbList\",\"@id\":\"https:\\\/\\\/www.portesetfenetrespresident.com\\\/en\\\/doors\\\/550\\\/#breadcrumb\",\"itemListElement\":[{\"@type\":\"ListItem\",\"position\":1,\"name\":\"Accueil\",\"item\":\"https:\\\/\\\/www.portesetfenetrespresident.com\\\/en\\\/\"},{\"@type\":\"ListItem\",\"position\":2,\"name\":\"550\"}]},{\"@type\":\"WebSite\",\"@id\":\"https:\\\/\\\/www.portesetfenetrespresident.com\\\/en\\\/#website\",\"url\":\"https:\\\/\\\/www.portesetfenetrespresident.com\\\/en\\\/\",\"name\":\"Portes et fen\u00eatres Pr\u00e9sident\",\"description\":\"La nouvelle g\u00e9n\u00e9ration de portes et fen\u00eatres\",\"potentialAction\":[{\"@type\":\"SearchAction\",\"target\":{\"@type\":\"EntryPoint\",\"urlTemplate\":\"https:\\\/\\\/www.portesetfenetrespresident.com\\\/en\\\/?s={search_term_string}\"},\"query-input\":{\"@type\":\"PropertyValueSpecification\",\"valueRequired\":true,\"valueName\":\"search_term_string\"}}],\"inLanguage\":\"en-US\"}]}<\/script>\n<!-- \/ Yoast SEO plugin. -->","yoast_head_json":{"title":"Porte 550 - Portes et fen\u00eatres Pr\u00e9sident","robots":{"index":"index","follow":"follow","max-snippet":"max-snippet:-1","max-image-preview":"max-image-preview:large","max-video-preview":"max-video-preview:-1"},"canonical":"https:\/\/www.portesetfenetrespresident.com\/en\/doors\/550\/","og_locale":"en_US","og_type":"article","og_title":"Porte 550 - Portes et fen\u00eatres Pr\u00e9sident","og_url":"https:\/\/www.portesetfenetrespresident.com\/en\/doors\/550\/","og_site_name":"Portes et fen\u00eatres Pr\u00e9sident","article_modified_time":"2026-08-27T21:02:10+00:00","og_image":[{"width":1552,"height":1552,"url":"https:\/\/www.portesetfenetrespresident.com\/wp-content\/uploads\/2026\/07\/550-view.png","type":"image\/png"}],"twitter_card":"summary_large_image","twitter_misc":{"Est. reading time":"1 minute"},"schema":{"@context":"https:\/\/schema.org","@graph":[{"@type":"WebPage","@id":"https:\/\/www.portesetfenetrespresident.com\/en\/doors\/550\/","url":"https:\/\/www.portesetfenetrespresident.com\/en\/doors\/550\/","name":"Porte 550 - Portes et fen\u00eatres Pr\u00e9sident","isPartOf":{"@id":"https:\/\/www.portesetfenetrespresident.com\/en\/#website"},"primaryImageOfPage":{"@id":"https:\/\/www.portesetfenetrespresident.com\/en\/doors\/550\/#primaryimage"},"image":{"@id":"https:\/\/www.portesetfenetrespresident.com\/en\/doors\/550\/#primaryimage"},"thumbnailUrl":"https:\/\/www.portesetfenetrespresident.com\/wp-content\/uploads\/2026\/07\/550-view.png","datePublished":"2026-07-31T14:47:55+00:00","dateModified":"2026-08-27T21:02:10+00:00","breadcrumb":{"@id":"https:\/\/www.portesetfenetrespresident.com\/en\/doors\/550\/#breadcrumb"},"inLanguage":"en-US","potentialAction":[{"@type":"ReadAction","target":["https:\/\/www.portesetfenetrespresident.com\/en\/doors\/550\/"]}]},{"@type":"ImageObject","inLanguage":"en-US","@id":"https:\/\/www.portesetfenetrespresident.com\/en\/doors\/550\/#primaryimage","url":"https:\/\/www.portesetfenetrespresident.com\/wp-content\/uploads\/2026\/07\/550-view.png","contentUrl":"https:\/\/www.portesetfenetrespresident.com\/wp-content\/uploads\/2026\/07\/550-view.png","width":1552,"height":1552},{"@type":"BreadcrumbList","@id":"https:\/\/www.portesetfenetrespresident.com\/en\/doors\/550\/#breadcrumb","itemListElement":[{"@type":"ListItem","position":1,"name":"Accueil","item":"https:\/\/www.portesetfenetrespresident.com\/en\/"},{"@type":"ListItem","position":2,"name":"550"}]},{"@type":"WebSite","@id":"https:\/\/www.portesetfenetrespresident.com\/en\/#website","url":"https:\/\/www.portesetfenetrespresident.com\/en\/","name":"Portes et fen\u00eatres Pr\u00e9sident","description":"La nouvelle g\u00e9n\u00e9ration de portes et fen\u00eatres","potentialAction":[{"@type":"SearchAction","target":{"@type":"EntryPoint","urlTemplate":"https:\/\/www.portesetfenetrespresident.com\/en\/?s={search_term_string}"},"query-input":{"@type":"PropertyValueSpecification","valueRequired":true,"valueName":"search_term_string"}}],"inLanguage":"en-US"}]}},"_links":{"self":[{"href":"https:\/\/www.portesetfenetrespresident.com\/en\/wp-json\/wp\/v2\/portes\/2980","targetHints":{"allow":["GET"]}}],"collection":[{"href":"https:\/\/www.portesetfenetrespresident.com\/en\/wp-json\/wp\/v2\/portes"}],"about":[{"href":"https:\/\/www.portesetfenetrespresident.com\/en\/wp-json\/wp\/v2\/types\/portes"}],"wp:featuredmedia":[{"embeddable":true,"href":"https:\/\/www.portesetfenetrespresident.com\/en\/wp-json\/wp\/v2\/media\/2969"}],"wp:attachment":[{"href":"https:\/\/www.portesetfenetrespresident.com\/en\/wp-json\/wp\/v2\/media?parent=2980"}],"wp:term":[{"taxonomy":"type-de-porte","embeddable":true,"href":"https:\/\/www.portesetfenetrespresident.com\/en\/wp-json\/wp\/v2\/type-de-porte?post=2980"}],"curies":[{"name":"wp","href":"https:\/\/api.w.org\/{rel}","templated":true}]}}